{"id":15557,"date":"2023-11-03T00:59:01","date_gmt":"2023-11-03T00:59:01","guid":{"rendered":"https:\/\/mvinternational.ngo\/?page_id=15557"},"modified":"2023-11-03T01:00:47","modified_gmt":"2023-11-03T01:00:47","slug":"mv-internationals-social-campaigns","status":"publish","type":"page","link":"https:\/\/mvinternational.ngo\/fr\/mv-internationals-social-campaigns\/","title":{"rendered":"Campagnes sociales de MV International"},"content":{"rendered":"<h1>\n<p>Campagnes sociales de MV International <o:p><\/o:p><\/p>\n<\/h1>\n<p><\/p>\n\n\n<\/p>\n<p>Chez MV International, nous nous engageons \u00e0 avoir un impact positif sur la vie des jeunes et des communaut\u00e9s. Chaque ann\u00e9e, nous organisons une campagne sociale dynamique et percutante, qui tente d'avoir un impact, cofinanc\u00e9e par le Fonds europ\u00e9en pour la jeunesse (FEJ).<\/p>\n<p>\n\n\n<p><\/p>\n<p><\/p>\n\n\n<\/p>\n<p>Le FEJ est un fonds renomm\u00e9 cr\u00e9\u00e9 en 1972 par le Conseil de l'Europe pour apporter un soutien financier et \u00e9ducatif aux activit\u00e9s de jeunesse europ\u00e9ennes. Ce partenariat nous permet de rassembler l'\u00e9nergie et la cr\u00e9ativit\u00e9 des organisations de jeunesse de toute l'Europe pour aborder des questions soci\u00e9tales urgentes et favoriser un changement positif.<\/p>\n<p>\n\n\n<p><\/p>\n<p><\/p>\n\n\n<\/p>\n<p><strong>Qu'est-ce que le Fonds europ\u00e9en pour la jeunesse (FEJ) ?<\/strong><\/p>\n<p>\n\n\n<p><\/p>\n<p><\/p>\n\n\n<\/p>\n<p>Le Fonds europ\u00e9en pour la jeunesse, sous l'\u00e9gide de la Direction de la participation d\u00e9mocratique, Direction g\u00e9n\u00e9rale de la d\u00e9mocratie et de la dignit\u00e9 humaine du Conseil de l'Europe, joue un r\u00f4le crucial dans le soutien des activit\u00e9s de jeunesse. Il s'agit d'un fonds dont l'histoire est riche et qui permet aux jeunes d'\u00eatre les moteurs du changement. La mission du FEJ est de promouvoir et de soutenir une citoyennet\u00e9 active et responsable chez les jeunes, d'encourager leur participation \u00e0 l'\u00e9laboration de leur soci\u00e9t\u00e9 et de d\u00e9velopper le travail de jeunesse.<\/p>\n<p>\n\n\n<p><\/p>\n<p><\/p>\n\n\n<\/p>\n<p><strong>Qui peut poser sa candidature au Fonds europ\u00e9en pour la jeunesse (FEJ) ?<\/strong><\/p>\n<p>\n\n\n<p><\/p>\n<p><\/p>\n\n\n<\/p>\n<p>Le FEJ est ouvert aux organisations non gouvernementales (ONG) de jeunesse des 46 \u00c9tats membres du Conseil de l'Europe.<\/p>\n<p>\n\n\n<p><\/p>\n<p><\/p>\n\n\n<\/p>\n<p><strong>Campagne sociale annuelle de MV International : Faire la diff\u00e9rence<\/strong><\/p>\n<p>\n\n\n<p><\/p>\n<p><\/p>\n\n\n<\/p>\n<p>Nos campagnes sociales annuelles sont une manifestation de notre engagement \u00e0 construire un avenir meilleur pour les jeunes et la soci\u00e9t\u00e9 dans son ensemble. Nous travaillons en collaboration avec des ONG de jeunesse, exploitant leurs divers talents, id\u00e9es et passions pour cr\u00e9er des initiatives significatives qui s'attaquent \u00e0 des probl\u00e8mes critiques affectant nos communaut\u00e9s. Le soutien du Fonds europ\u00e9en pour la jeunesse nous permet d'\u00e9tendre notre port\u00e9e et notre impact, cr\u00e9ant ainsi un effet plus significatif et durable.<\/p>\n<p>\n\n\n<p><\/p>\n<p><\/p>\n\n\n<\/p>\n<p>Rester inform\u00e9 et s'impliquer<\/p>\n<p>\n\n\n<p><\/p>\n<p><\/p>\n\n\n<\/p>\n<p>Si vous souhaitez vous tenir au courant de la campagne sociale annuelle de MV International et vous joindre \u00e0 nous pour faire la diff\u00e9rence, n'oubliez pas de suivre notre site web et nos canaux de m\u00e9dias sociaux. Nous sommes convaincus qu'un changement positif commence par les efforts collectifs d'individus et d'organisations passionn\u00e9s qui se consacrent \u00e0 un avenir meilleur.<\/p>\n<p>\n\n\n<p><\/p>\n<p><\/p>\n\n\n<\/p>\n<p>Ensemble, nous pouvons cr\u00e9er un monde meilleur pour les jeunes et nos communaut\u00e9s.<\/p>\n<p>\n\n\n<p><\/p>\n<p>\t\t\t\t\t\t\t\t\t\t\t\t\t\t\t<img loading=\"lazy\" decoding=\"async\" width=\"900\" height=\"900\" src=\"https:\/\/mvinternational.ngo\/wp-content\/uploads\/2023\/11\/322896498_535267168545668_4451684806135165157_n-1024x1024-1.png\" alt=\"\"><br>\n\t\t\t\t\t\t\t\t\t\t\t\t\t\t\t<img loading=\"lazy\" decoding=\"async\" width=\"600\" height=\"567\" src=\"https:\/\/mvinternational.ngo\/wp-content\/uploads\/2023\/11\/Collage-Final-Post-1-1024x968-1-600x567-1.png\" alt=\"\"><br>\n\t\t\t\t\t\t\t\t\t\t\t\t\t\t\t<img loading=\"lazy\" decoding=\"async\" width=\"900\" height=\"754\" src=\"https:\/\/mvinternational.ngo\/wp-content\/uploads\/2023\/11\/mvi-sc19.png\" alt=\"\"><\/p>","protected":false},"excerpt":{"rendered":"<p>Campagnes sociales de MV International Chez MV International, nous nous engageons \u00e0 avoir un impact positif sur la vie des jeunes et des communaut\u00e9s. Chaque ann\u00e9e, nous organisons une campagne sociale dynamique et percutante, cofinanc\u00e9e par le Fonds europ\u00e9en pour la jeunesse (FEJ). Le FEJ est un fonds renomm\u00e9 cr\u00e9\u00e9 en 1972 par le Conseil de l'Europe pour apporter un soutien financier et \u00e9ducatif aux activit\u00e9s europ\u00e9ennes de jeunesse. Ce partenariat nous permet de rassembler l'\u00e9nergie et la cr\u00e9ativit\u00e9 des organisations de jeunesse de toute l'Europe pour aborder des questions soci\u00e9tales urgentes et favoriser un changement positif. Qu'est-ce que le Fonds europ\u00e9en pour la jeunesse (FEJ) ? Le Fonds europ\u00e9en pour la jeunesse, sous l'\u00e9gide de la Direction de la participation d\u00e9mocratique, Direction g\u00e9n\u00e9rale de la d\u00e9mocratie et de la dignit\u00e9 humaine du Conseil de l'Europe, joue un r\u00f4le crucial dans le soutien des activit\u00e9s de jeunesse. Il s'agit d'un fonds dont l'histoire est riche et qui permet aux jeunes d'\u00eatre les moteurs du changement. La mission du FEJ est de promouvoir et de soutenir une citoyennet\u00e9 active et responsable chez les jeunes, d'encourager leur participation \u00e0 l'\u00e9laboration de leur soci\u00e9t\u00e9 et de d\u00e9velopper le travail de jeunesse. Qui peut poser sa candidature au Fonds europ\u00e9en pour la jeunesse (FEJ) ? Le FEJ est ouvert aux organisations non gouvernementales (ONG) de jeunesse des 46 \u00c9tats membres du Conseil de l'Europe. Campagne sociale annuelle de MV International : Faire la diff\u00e9rence Nos campagnes sociales annuelles sont une manifestation de notre engagement \u00e0 construire un avenir meilleur pour les jeunes et la soci\u00e9t\u00e9 dans son ensemble. Nous travaillons en collaboration avec des ONG de jeunesse, exploitant leurs divers talents, id\u00e9es et passions pour cr\u00e9er des initiatives significatives qui s'attaquent \u00e0 des probl\u00e8mes critiques affectant nos communaut\u00e9s. Le soutien du Fonds europ\u00e9en pour la jeunesse nous permet d'\u00e9tendre notre port\u00e9e et notre impact, cr\u00e9ant ainsi un effet plus significatif et durable. Restez inform\u00e9 et impliquez-vous Si vous souhaitez rester inform\u00e9 sur la campagne sociale annuelle de MV International et vous joindre \u00e0 nous pour faire la diff\u00e9rence, n'oubliez pas de suivre notre site web et nos canaux de m\u00e9dias sociaux. Nous pensons qu'un changement positif commence par les efforts collectifs d'individus et d'organisations passionn\u00e9s qui se consacrent \u00e0 un avenir meilleur. Ensemble, nous pouvons cr\u00e9er un monde meilleur pour les jeunes et nos communaut\u00e9s.<\/p>","protected":false},"author":5,"featured_media":0,"parent":0,"menu_order":0,"comment_status":"closed","ping_status":"closed","template":"","meta":{"footnotes":""},"class_list":["post-15557","page","type-page","status-publish","hentry"],"_links":{"self":[{"href":"https:\/\/mvinternational.ngo\/fr\/wp-json\/wp\/v2\/pages\/15557","targetHints":{"allow":["GET"]}}],"collection":[{"href":"https:\/\/mvinternational.ngo\/fr\/wp-json\/wp\/v2\/pages"}],"about":[{"href":"https:\/\/mvinternational.ngo\/fr\/wp-json\/wp\/v2\/types\/page"}],"author":[{"embeddable":true,"href":"https:\/\/mvinternational.ngo\/fr\/wp-json\/wp\/v2\/users\/5"}],"replies":[{"embeddable":true,"href":"https:\/\/mvinternational.ngo\/fr\/wp-json\/wp\/v2\/comments?post=15557"}],"version-history":[{"count":7,"href":"https:\/\/mvinternational.ngo\/fr\/wp-json\/wp\/v2\/pages\/15557\/revisions"}],"predecessor-version":[{"id":15673,"href":"https:\/\/mvinternational.ngo\/fr\/wp-json\/wp\/v2\/pages\/15557\/revisions\/15673"}],"wp:attachment":[{"href":"https:\/\/mvinternational.ngo\/fr\/wp-json\/wp\/v2\/media?parent=15557"}],"curies":[{"name":"wp","href":"https:\/\/api.w.org\/{rel}","templated":true}]}}