{"id":12197,"date":"2020-10-06T12:29:25","date_gmt":"2020-10-06T12:29:25","guid":{"rendered":"http:\/\/www.mvinternational.ngo\/?page_id=12197"},"modified":"2020-10-15T20:05:31","modified_gmt":"2020-10-15T20:05:31","slug":"eyf-in-mediact","status":"publish","type":"page","link":"https:\/\/mvinternational.ngo\/fr\/eyf-in-mediact\/","title":{"rendered":"Le FEJ dans MediAct"},"content":{"rendered":"<div data-elementor-type=\"wp-page\" data-elementor-id=\"12197\" class=\"elementor elementor-12197\">\n\t\t\t\t\t\t<section class=\"elementor-section elementor-top-section elementor-element elementor-element-3619117 elementor-section-boxed elementor-section-height-default elementor-section-height-default exad-glass-effect-no wpr-particle-no wpr-jarallax-no wpr-parallax-no wpr-sticky-section-no wpr-equal-height-no exad-sticky-section-no\" data-id=\"3619117\" data-element_type=\"section\" data-e-type=\"section\">\n\t\t\t\t\t\t<div class=\"elementor-container elementor-column-gap-default\">\n\t\t\t\t\t<div class=\"elementor-column elementor-col-100 elementor-top-column elementor-element elementor-element-95e6886 column-style-top column-top exad-glass-effect-no exad-sticky-section-no\" data-id=\"95e6886\" data-element_type=\"column\" data-e-type=\"column\">\n\t\t\t<div class=\"elementor-widget-wrap elementor-element-populated\">\n\t\t\t\t\t\t<div class=\"elementor-element elementor-element-ddce5fb exad-sticky-section-no exad-glass-effect-no elementor-widget elementor-widget-image\" data-id=\"ddce5fb\" data-element_type=\"widget\" data-e-type=\"widget\" data-widget_type=\"image.default\">\n\t\t\t\t\t\t\t\t\t\t\t\t\t\t\t<img fetchpriority=\"high\" decoding=\"async\" width=\"900\" height=\"225\" src=\"https:\/\/mvinternational.ngo\/wp-content\/uploads\/2020\/10\/Product-2-1024x256-1.jpg\" class=\"attachment-large size-large wp-image-12199\" alt=\"\" \/>\t\t\t\t\t\t\t\t\t\t\t\t\t\t\t<\/div>\n\t\t\t\t<div class=\"elementor-element elementor-element-2a3fe4a exad-sticky-section-no exad-glass-effect-no elementor-widget elementor-widget-text-editor\" data-id=\"2a3fe4a\" data-element_type=\"widget\" data-e-type=\"widget\" data-widget_type=\"text-editor.default\">\n\t\t\t\t\t\t\t\t\t<div class=\"vc_custom_heading text_align_left\"><h2>Dans MediAct<\/h2><hr style=\"width: 10%;\" \/><\/div><div class=\"wpb_text_column wpb_content_element\"><div class=\"wpb_wrapper\"><p>\"InMediAct\" (IMA) est une activit\u00e9 internationale de d\u00e9veloppement des comp\u00e9tences de 6 jours bas\u00e9e sur l'\u00e9ducation non formelle (ENF), qui s'est d\u00e9roul\u00e9e \u00e0 Novo Sarajevo (Bosnie-Herz\u00e9govine) entre le 13 et le 19 mai 2019.<br \/>Le public \u00e9tait compos\u00e9 de 20 animateurs de jeunesse \u00e2g\u00e9s de 18 \u00e0 30 ans issus de 18 organisations membres du r\u00e9seau MVI (actuellement compos\u00e9 de 37 membres europ\u00e9ens et de 8 organisations associ\u00e9es extra-europ\u00e9ennes).<\/p><p>L'IMA a fourni aux op\u00e9rateurs de jeunesse participants les connaissances, les comp\u00e9tences et les m\u00e9thodologies de l'ENF afin d'encourager la pens\u00e9e critique des jeunes lorsqu'ils abordent les r\u00e9cits des m\u00e9dias grand public, avec un accent particulier sur les questions des migrants, de la migration et de la diversit\u00e9 culturelle.<br \/>L'accent a \u00e9t\u00e9 mis sur le contraste entre les dynamiques de st\u00e9r\u00e9otypage et de d\u00e9shumanisation \u00e0 l'encontre des migrants\/r\u00e9fugi\u00e9s et des individus appartenant \u00e0 des minorit\u00e9s culturelles (c'est-\u00e0-dire les Roms) stimul\u00e9es par des ph\u00e9nom\u00e8nes de superficialit\u00e9 et de sensationnalisme au niveau des m\u00e9dias grand public.<br \/>Les cibles ultimes d'IMA \u00e9taient les jeunes \u00e2g\u00e9s de 18 \u00e0 25 ans, \u00e9tablis dans leurs propres communaut\u00e9s, qui sont les destinataires des r\u00e9cits m\u00e9diatiques et repr\u00e9sentent, compte tenu de leur enracinement dans leurs communaut\u00e9s d'\u00e9tablissement, des multiplicateurs potentiels (jeunes leaders) d'une attitude consciente et responsable \u00e0 l'\u00e9gard de la consommation des m\u00e9dias.<\/p><\/div><\/div><div class=\"wpb_text_column wpb_content_element\"><div class=\"wpb_wrapper\"><p>Les r\u00e9sultats du projet sont les suivants<br \/>-Manuel fournissant une orientation et des conseils m\u00e9thodologiques aux op\u00e9rateurs de jeunesse int\u00e9ress\u00e9s par la promotion d'une consommation critique des m\u00e9dias chez les jeunes.<\/p><\/div><\/div>\t\t\t\t\t\t\t\t<\/div>\n\t\t\t\t<section class=\"elementor-section elementor-inner-section elementor-element elementor-element-235a4d9 elementor-section-boxed elementor-section-height-default elementor-section-height-default exad-glass-effect-no wpr-particle-no wpr-jarallax-no wpr-parallax-no wpr-sticky-section-no wpr-equal-height-no exad-sticky-section-no\" data-id=\"235a4d9\" data-element_type=\"section\" data-e-type=\"section\">\n\t\t\t\t\t\t<div class=\"elementor-container elementor-column-gap-default\">\n\t\t\t\t\t<div class=\"elementor-column elementor-col-50 elementor-inner-column elementor-element elementor-element-46fcdbf column-style-top column-top exad-glass-effect-no exad-sticky-section-no\" data-id=\"46fcdbf\" data-element_type=\"column\" data-e-type=\"column\">\n\t\t\t<div class=\"elementor-widget-wrap elementor-element-populated\">\n\t\t\t\t\t\t<div class=\"elementor-element elementor-element-4f5d01a exad-sticky-section-no exad-glass-effect-no elementor-widget elementor-widget-image\" data-id=\"4f5d01a\" data-element_type=\"widget\" data-e-type=\"widget\" data-widget_type=\"image.default\">\n\t\t\t\t\t\t\t\t\t\t\t\t\t\t\t<img decoding=\"async\" width=\"591\" height=\"833\" src=\"https:\/\/mvinternational.ngo\/wp-content\/uploads\/2020\/10\/Immagine.png\" class=\"attachment-full size-full wp-image-12203\" alt=\"\" \/>\t\t\t\t\t\t\t\t\t\t\t\t\t\t\t<\/div>\n\t\t\t\t\t<\/div>\n\t\t<\/div>\n\t\t\t\t<div class=\"elementor-column elementor-col-50 elementor-inner-column elementor-element elementor-element-590d047 column-style-top column-top exad-glass-effect-no exad-sticky-section-no\" data-id=\"590d047\" data-element_type=\"column\" data-e-type=\"column\">\n\t\t\t<div class=\"elementor-widget-wrap\">\n\t\t\t\t\t\t\t<\/div>\n\t\t<\/div>\n\t\t\t\t\t<\/div>\n\t\t<\/section>\n\t\t\t\t<div class=\"elementor-element elementor-element-7743148 exad-sticky-section-no exad-glass-effect-no elementor-widget elementor-widget-text-editor\" data-id=\"7743148\" data-element_type=\"widget\" data-e-type=\"widget\" data-widget_type=\"text-editor.default\">\n\t\t\t\t\t\t\t\t\t<p>- 6 webinaires sur les outils d'ENF contenus dans le manuel.<\/p><p>Rencontre au milieu<\/p>\t\t\t\t\t\t\t\t<\/div>\n\t\t\t\t<div class=\"elementor-element elementor-element-bb0699c exad-sticky-section-no exad-glass-effect-no elementor-widget elementor-widget-image\" data-id=\"bb0699c\" data-element_type=\"widget\" data-e-type=\"widget\" data-widget_type=\"image.default\">\n\t\t\t\t\t\t\t\t\t\t\t\t\t\t\t<img decoding=\"async\" width=\"180\" height=\"180\" src=\"https:\/\/mvinternational.ngo\/wp-content\/uploads\/2020\/10\/Immagine-1024x517-1-180x180.png\" class=\"attachment-thumbnail size-thumbnail wp-image-12204\" alt=\"\" \/>\t\t\t\t\t\t\t\t\t\t\t\t\t\t\t<\/div>\n\t\t\t\t<div class=\"elementor-element elementor-element-240f1c0 exad-sticky-section-no exad-glass-effect-no elementor-widget elementor-widget-text-editor\" data-id=\"240f1c0\" data-element_type=\"widget\" data-e-type=\"widget\" data-widget_type=\"text-editor.default\">\n\t\t\t\t\t\t\t\t\t<p>Th\u00e9\u00e2tre silencieux<\/p>\t\t\t\t\t\t\t\t<\/div>\n\t\t\t\t<div class=\"elementor-element elementor-element-fef59ee exad-sticky-section-no exad-glass-effect-no elementor-widget elementor-widget-image\" data-id=\"fef59ee\" data-element_type=\"widget\" data-e-type=\"widget\" data-widget_type=\"image.default\">\n\t\t\t\t\t\t\t\t\t\t\t\t\t\t\t<img decoding=\"async\" width=\"180\" height=\"180\" src=\"https:\/\/mvinternational.ngo\/wp-content\/uploads\/2020\/10\/Immagine-1024x517-1-180x180.png\" class=\"attachment-thumbnail size-thumbnail wp-image-12204\" alt=\"\" \/>\t\t\t\t\t\t\t\t\t\t\t\t\t\t\t<\/div>\n\t\t\t\t<div class=\"elementor-element elementor-element-ef6a878 exad-sticky-section-no exad-glass-effect-no elementor-widget elementor-widget-text-editor\" data-id=\"ef6a878\" data-element_type=\"widget\" data-e-type=\"widget\" data-widget_type=\"text-editor.default\">\n\t\t\t\t\t\t\t\t\t<p>20 et c'est fait<\/p>\t\t\t\t\t\t\t\t<\/div>\n\t\t\t\t<div class=\"elementor-element elementor-element-16db6ed exad-sticky-section-no exad-glass-effect-no elementor-widget elementor-widget-image\" data-id=\"16db6ed\" data-element_type=\"widget\" data-e-type=\"widget\" data-widget_type=\"image.default\">\n\t\t\t\t\t\t\t\t\t\t\t\t\t\t\t<img decoding=\"async\" width=\"180\" height=\"180\" src=\"https:\/\/mvinternational.ngo\/wp-content\/uploads\/2020\/10\/Immagine-1024x517-1-180x180.png\" class=\"attachment-thumbnail size-thumbnail wp-image-12204\" alt=\"\" \/>\t\t\t\t\t\t\t\t\t\t\t\t\t\t\t<\/div>\n\t\t\t\t<div class=\"elementor-element elementor-element-6580545 exad-sticky-section-no exad-glass-effect-no elementor-widget elementor-widget-text-editor\" data-id=\"6580545\" data-element_type=\"widget\" data-e-type=\"widget\" data-widget_type=\"text-editor.default\">\n\t\t\t\t\t\t\t\t\t<p>Pong aveugle<\/p>\t\t\t\t\t\t\t\t<\/div>\n\t\t\t\t<div class=\"elementor-element elementor-element-e11f587 exad-sticky-section-no exad-glass-effect-no elementor-widget elementor-widget-image\" data-id=\"e11f587\" data-element_type=\"widget\" data-e-type=\"widget\" data-widget_type=\"image.default\">\n\t\t\t\t\t\t\t\t\t\t\t\t\t\t\t<img decoding=\"async\" width=\"180\" height=\"180\" src=\"https:\/\/mvinternational.ngo\/wp-content\/uploads\/2020\/10\/Immagine-1024x517-1-180x180.png\" class=\"attachment-thumbnail size-thumbnail wp-image-12204\" alt=\"\" \/>\t\t\t\t\t\t\t\t\t\t\t\t\t\t\t<\/div>\n\t\t\t\t<div class=\"elementor-element elementor-element-7e34fad exad-sticky-section-no exad-glass-effect-no elementor-widget elementor-widget-text-editor\" data-id=\"7e34fad\" data-element_type=\"widget\" data-e-type=\"widget\" data-widget_type=\"text-editor.default\">\n\t\t\t\t\t\t\t\t\t<p>Roue de l'expression<\/p>\t\t\t\t\t\t\t\t<\/div>\n\t\t\t\t<div class=\"elementor-element elementor-element-6f194cd exad-sticky-section-no exad-glass-effect-no elementor-widget elementor-widget-image\" data-id=\"6f194cd\" data-element_type=\"widget\" data-e-type=\"widget\" data-widget_type=\"image.default\">\n\t\t\t\t\t\t\t\t\t\t\t\t\t\t\t<img decoding=\"async\" width=\"180\" height=\"180\" src=\"https:\/\/mvinternational.ngo\/wp-content\/uploads\/2020\/10\/Immagine-1024x517-1-180x180.png\" class=\"attachment-thumbnail size-thumbnail wp-image-12204\" alt=\"\" \/>\t\t\t\t\t\t\t\t\t\t\t\t\t\t\t<\/div>\n\t\t\t\t<div class=\"elementor-element elementor-element-60aa742 exad-sticky-section-no exad-glass-effect-no elementor-widget elementor-widget-text-editor\" data-id=\"60aa742\" data-element_type=\"widget\" data-e-type=\"widget\" data-widget_type=\"text-editor.default\">\n\t\t\t\t\t\t\t\t\t<p>L'\u00e9galit\u00e9 des sexes dans la couverture m\u00e9diatique des migrants<\/p>\t\t\t\t\t\t\t\t<\/div>\n\t\t\t\t<div class=\"elementor-element elementor-element-4960c0c exad-sticky-section-no exad-glass-effect-no elementor-widget elementor-widget-image\" data-id=\"4960c0c\" data-element_type=\"widget\" data-e-type=\"widget\" data-widget_type=\"image.default\">\n\t\t\t\t\t\t\t\t\t\t\t\t\t\t\t<img decoding=\"async\" width=\"180\" height=\"180\" src=\"https:\/\/mvinternational.ngo\/wp-content\/uploads\/2020\/10\/Immagine-1024x517-1-180x180.png\" class=\"attachment-thumbnail size-thumbnail wp-image-12204\" alt=\"\" \/>\t\t\t\t\t\t\t\t\t\t\t\t\t\t\t<\/div>\n\t\t\t\t<div class=\"elementor-element elementor-element-022cadc exad-sticky-section-no exad-glass-effect-no elementor-widget elementor-widget-text-editor\" data-id=\"022cadc\" data-element_type=\"widget\" data-e-type=\"widget\" data-widget_type=\"text-editor.default\">\n\t\t\t\t\t\t\t\t\t<p>- 3 Vid\u00e9os sensibilisant au d\u00e9fi que repr\u00e9sentent les r\u00e9cits m\u00e9diatiques en tant que vecteurs de promotion d'opinions st\u00e9r\u00e9otyp\u00e9es\/discriminatoires sur les migrants, la migration et la diversit\u00e9 culturelle, et au potentiel de la participation des jeunes pour jeter les bases d'une approche critique des r\u00e9cits m\u00e9diatiques.<\/p>\t\t\t\t\t\t\t\t<\/div>\n\t\t\t\t<div class=\"elementor-element elementor-element-05cc7ff exad-sticky-section-no exad-glass-effect-no elementor-widget elementor-widget-image\" data-id=\"05cc7ff\" data-element_type=\"widget\" data-e-type=\"widget\" data-widget_type=\"image.default\">\n\t\t\t\t\t\t\t\t\t\t\t\t\t\t\t<img decoding=\"async\" src=\"https:\/\/mvinternational.ngo\/wp-content\/uploads\/2020\/10\/Immaginejjdsj-1024x457-1-600x268.png\" title=\"Immaginejjdsj-1024\u00d7457\" alt=\"Immaginejjdsj-1024x457\" loading=\"lazy\" \/>\t\t\t\t\t\t\t\t\t\t\t\t\t\t\t<\/div>\n\t\t\t\t<div class=\"elementor-element elementor-element-7e16421 exad-sticky-section-no exad-glass-effect-no elementor-widget elementor-widget-image\" data-id=\"7e16421\" data-element_type=\"widget\" data-e-type=\"widget\" data-widget_type=\"image.default\">\n\t\t\t\t\t\t\t\t\t\t\t\t\t\t\t<img decoding=\"async\" src=\"https:\/\/mvinternational.ngo\/wp-content\/uploads\/2020\/10\/Immaginesslslslsl-1024x480-1-600x281.png\" title=\"Immaginesslslslsl-1024\u00d7480\" alt=\"Immaginesslslslsl-1024x480\" loading=\"lazy\" \/>\t\t\t\t\t\t\t\t\t\t\t\t\t\t\t<\/div>\n\t\t\t\t<div class=\"elementor-element elementor-element-d896ad7 exad-sticky-section-no exad-glass-effect-no elementor-widget elementor-widget-image\" data-id=\"d896ad7\" data-element_type=\"widget\" data-e-type=\"widget\" data-widget_type=\"image.default\">\n\t\t\t\t\t\t\t\t\t\t\t\t\t\t\t<img decoding=\"async\" src=\"https:\/\/mvinternational.ngo\/wp-content\/uploads\/2020\/10\/Immaginekj-1024x489-1-600x287.png\" title=\"Immaginekj-1024\u00d7489\" alt=\"Immaginekj-1024x489\" loading=\"lazy\" \/>\t\t\t\t\t\t\t\t\t\t\t\t\t\t\t<\/div>\n\t\t\t\t<div class=\"elementor-element elementor-element-8ba020e exad-sticky-section-no exad-glass-effect-no elementor-widget elementor-widget-image\" data-id=\"8ba020e\" data-element_type=\"widget\" data-e-type=\"widget\" data-widget_type=\"image.default\">\n\t\t\t\t\t\t\t\t\t\t\t\t\t\t\t<img decoding=\"async\" src=\"https:\/\/mvinternational.ngo\/wp-content\/uploads\/2020\/10\/Immagine-1024x517-1-300x300.png\" title=\"Immagine-1024\u00d7517\" alt=\"Immagine-1024x517\" loading=\"lazy\" \/>\t\t\t\t\t\t\t\t\t\t\t\t\t\t\t<\/div>\n\t\t\t\t\t<\/div>\n\t\t<\/div>\n\t\t\t\t\t<\/div>\n\t\t<\/section>\n\t\t\t\t<\/div>","protected":false},"excerpt":{"rendered":"<p>In MediAct \u201cInMediAct\u201d (IMA) was a 6 day International Skills Development activity based on Non Formal Education (NFE), which took place in Novo Sarajevo (Bosnia Herzegovina) between May 13 and 19 2019.The audience of participants was composed of 20 youth workers aged 18-30 from 18 member organizations of the MVI network (presently comprising 37 members from Europe and 8 extra-European associate organizations). IMA provided participating youth operators with the knowledge, skills and methodologies of NFE to foster youngsters\u2019 critical thinking in approaching mainstream mass-media narratives, with a particular focus on the issues of migrants, migration and cultural diversity.The focus of the activity was placed on contrasting the dynamics of stereotyping and de-humanization against migrants\/refugees and individuals of cultural minorities (i.e. Roma) stimulated by phenomena of shallowness and sensationalism at the level of mainstream media.The ultimate targets of IMA were young people aged 18-25 established in their own communities, who are recipients of media narratives and represent, in light of their embeddedness within their communities of establishment, potential multipliers (youth leaders) of an aware and responsible attitude towards media consumption. Project Outputs are:-Manual providing orientation and methodological guidance to youth operators interested in promoting critical media consumption among the youth. \u2013 6 Webinars of NFE tools contained in the Manual. Meeting in the Middle Silent Theater 20 and Done Blind pong Wheel of expression Gender Equality in Migrants Media Coverage \u2013 3 Videos raising awareness about the challenge of media narratives as vehicles for the advancement of stereotyped\/discriminatory views about migrants, migration and cultural diversity and about the potential of youth participation in laying the foundations of a critical approach to media narratives.<\/p>","protected":false},"author":5,"featured_media":0,"parent":0,"menu_order":0,"comment_status":"closed","ping_status":"closed","template":"","meta":{"footnotes":""},"class_list":["post-12197","page","type-page","status-publish","hentry"],"_links":{"self":[{"href":"https:\/\/mvinternational.ngo\/fr\/wp-json\/wp\/v2\/pages\/12197","targetHints":{"allow":["GET"]}}],"collection":[{"href":"https:\/\/mvinternational.ngo\/fr\/wp-json\/wp\/v2\/pages"}],"about":[{"href":"https:\/\/mvinternational.ngo\/fr\/wp-json\/wp\/v2\/types\/page"}],"author":[{"embeddable":true,"href":"https:\/\/mvinternational.ngo\/fr\/wp-json\/wp\/v2\/users\/5"}],"replies":[{"embeddable":true,"href":"https:\/\/mvinternational.ngo\/fr\/wp-json\/wp\/v2\/comments?post=12197"}],"version-history":[{"count":5,"href":"https:\/\/mvinternational.ngo\/fr\/wp-json\/wp\/v2\/pages\/12197\/revisions"}],"predecessor-version":[{"id":12835,"href":"https:\/\/mvinternational.ngo\/fr\/wp-json\/wp\/v2\/pages\/12197\/revisions\/12835"}],"wp:attachment":[{"href":"https:\/\/mvinternational.ngo\/fr\/wp-json\/wp\/v2\/media?parent=12197"}],"curies":[{"name":"wp","href":"https:\/\/api.w.org\/{rel}","templated":true}]}}