{"id":12121,"date":"2020-10-06T09:33:19","date_gmt":"2020-10-06T09:33:19","guid":{"rendered":"http:\/\/www.mvinternational.ngo\/?page_id=12121"},"modified":"2020-10-15T20:27:58","modified_gmt":"2020-10-15T20:27:58","slug":"mvi-campaign-2017","status":"publish","type":"page","link":"https:\/\/mvinternational.ngo\/fr\/mvi-campaign-2017\/","title":{"rendered":"Campagne MVI 2017"},"content":{"rendered":"<div data-elementor-type=\"wp-page\" data-elementor-id=\"12121\" class=\"elementor elementor-12121\">\n\t\t\t\t\t\t<section class=\"elementor-section elementor-top-section elementor-element elementor-element-3ebee65 elementor-section-boxed elementor-section-height-default elementor-section-height-default exad-glass-effect-no wpr-particle-no wpr-jarallax-no wpr-parallax-no wpr-sticky-section-no wpr-equal-height-no exad-sticky-section-no\" data-id=\"3ebee65\" data-element_type=\"section\" data-e-type=\"section\">\n\t\t\t\t\t\t<div class=\"elementor-container elementor-column-gap-default\">\n\t\t\t\t\t<div class=\"elementor-column elementor-col-100 elementor-top-column elementor-element elementor-element-897f94e column-style-top column-top exad-glass-effect-no exad-sticky-section-no\" data-id=\"897f94e\" data-element_type=\"column\" data-e-type=\"column\">\n\t\t\t<div class=\"elementor-widget-wrap elementor-element-populated\">\n\t\t\t\t\t\t<div class=\"elementor-element elementor-element-004435a exad-sticky-section-no exad-glass-effect-no elementor-widget elementor-widget-image\" data-id=\"004435a\" data-element_type=\"widget\" data-e-type=\"widget\" data-widget_type=\"image.default\">\n\t\t\t\t\t\t\t\t\t\t\t\t\t\t\t<img decoding=\"async\" src=\"https:\/\/mvinternational.ngo\/wp-content\/uploads\/2018\/03\/MVI-Campaign-Contributions-Ale-600x338.jpg\" title=\"Contributions \u00e0 la campagne de MVI Ale\" alt=\"MVI Campaign Contributions Ale\" loading=\"lazy\" \/>\t\t\t\t\t\t\t\t\t\t\t\t\t\t\t<\/div>\n\t\t\t\t<div class=\"elementor-element elementor-element-58cd90f exad-sticky-section-no exad-glass-effect-no elementor-widget elementor-widget-text-editor\" data-id=\"58cd90f\" data-element_type=\"widget\" data-e-type=\"widget\" data-widget_type=\"text-editor.default\">\n\t\t\t\t\t\t\t\t\t<p>Le r\u00e9seau international MV a identifi\u00e9 le cyber-harc\u00e8lement comme l'un des principaux vecteurs du discours de haine dans tous les pays europ\u00e9ens et au niveau mondial, en particulier dans l'environnement des nouveaux m\u00e9dias.<\/p><p>La cyberintimidation est un ph\u00e9nom\u00e8ne en constante augmentation dans les interactions ordinaires sur les nouveaux m\u00e9dias, dont l'intensification et la diffusion sont directement li\u00e9es au d\u00e9veloppement d'un acc\u00e8s g\u00e9n\u00e9ralis\u00e9 aux nouveaux instruments m\u00e9diatiques (en particulier les m\u00e9dias sociaux) ainsi qu'\u00e0 la communication d\u00e9centralis\u00e9e, non filtr\u00e9e et anonyme et \u00e0 la diffusion virale de contenus assur\u00e9es par les nouvelles architectures m\u00e9diatiques.<\/p><p>La cyberintimidation peut \u00eatre d\u00e9finie comme un harc\u00e8lement verbal ou psychologique r\u00e9p\u00e9t\u00e9, plus ou moins intense, exerc\u00e9 par un individu ou un groupe \u00e0 l'encontre d'autres personnes par l'interm\u00e9diaire des nouveaux m\u00e9dias (m\u00e9dias sociaux et services Internet interactifs en g\u00e9n\u00e9ral). Il peut prendre de nombreuses formes : des moqueries, insultes et menaces au vol et \u00e0 la divulgation d'informations priv\u00e9es.<\/p><p>Cyber-harc\u00e8lement et discours de haine : Que pouvez-vous changer pour mettre fin \u00e0 la haine ?<\/p><p>En promouvant la campagne \"CYBER-BULLYING et NO HATE SPEECH\", ENGO MVI a voulu c\u00e9l\u00e9brer son 5\u00e8me anniversaire (19 novembre 2012). Depuis 5 ans, nous contribuons au d\u00e9veloppement de la soci\u00e9t\u00e9 et de ses membres par diverses m\u00e9thodes d'\u00e9ducation.<\/p><p>La mission de cette campagne \u00e9tait de sensibiliser la soci\u00e9t\u00e9 au probl\u00e8me du harc\u00e8lement en ligne et \u00e0 la n\u00e9cessit\u00e9 de lutter contre le discours de haine, entendu comme un type de discours qui attaque une personne ou un groupe sur la base d'attributs tels que le sexe, l'origine ethnique, la religion, la race, le handicap et l'orientation sexuelle, au niveau de la soci\u00e9t\u00e9 civile et des institutions.<\/p>\t\t\t\t\t\t\t\t<\/div>\n\t\t\t\t<div class=\"elementor-element elementor-element-48d0304 exad-sticky-section-no exad-glass-effect-no elementor-widget elementor-widget-image\" data-id=\"48d0304\" data-element_type=\"widget\" data-e-type=\"widget\" data-widget_type=\"image.default\">\n\t\t\t\t\t\t\t\t\t\t\t\t\t\t\t<img decoding=\"async\" src=\"https:\/\/mvinternational.ngo\/wp-content\/uploads\/2020\/10\/20160702_195419-1024x768-1-600x450.jpg\" title=\"20160702_195419-1024\u00d7768\" alt=\"No Hate Speach\" loading=\"lazy\" \/>\t\t\t\t\t\t\t\t\t\t\t\t\t\t\t<\/div>\n\t\t\t\t<div class=\"elementor-element elementor-element-4c8c7dc exad-sticky-section-no exad-glass-effect-no elementor-widget elementor-widget-text-editor\" data-id=\"4c8c7dc\" data-element_type=\"widget\" data-e-type=\"widget\" data-widget_type=\"text-editor.default\">\n\t\t\t\t\t\t\t\t\t<p>Les jeunes sont des cibles particuli\u00e8rement vuln\u00e9rables dans les ph\u00e9nom\u00e8nes de cyberintimidation, \u00e0 la fois comme victimes et comme auteurs, en raison de leur engagement important dans la communication par les nouveaux m\u00e9dias, souvent sans pr\u00e9cautions ad\u00e9quates et sans conscience des cons\u00e9quences d'une mauvaise gestion des instruments des nouveaux m\u00e9dias.<\/p><p>La campagne sociale a abord\u00e9 la question du cyber-harc\u00e8lement dans le cadre d'un effort plus large visant \u00e0 sensibiliser la soci\u00e9t\u00e9 \u00e0 la n\u00e9cessit\u00e9 de s'attaquer aux ph\u00e9nom\u00e8nes de discours de haine sous toutes leurs formes, ainsi qu'\u00e0 promouvoir les valeurs et les principes d\u00e9fendus par le mouvement \"No Hate Speech\" sous le parrainage du Conseil de l'Europe.<\/p><p>Le discours de haine a toujours \u00e9t\u00e9 la premi\u00e8re arme d'attaque contre les nouveaux \u00e9migrants, contre les personnes sur la base d'attributs tels que l'origine ethnique, la religion, la race, le sexe, le handicap ou l'orientation sexuelle, et a pour r\u00e9sultat potentiel d'inciter au mal.<\/p><p>Tout le monde ou presque peut \u00eatre la cible d'un discours de haine. Certaines personnes peuvent devenir des cibles en raison de leur appartenance \u00e0 une race, une nationalit\u00e9 ou une religion particuli\u00e8re. D'autres personnes peuvent \u00eatre vis\u00e9es parce qu'elles sont handicap\u00e9es d'une mani\u00e8re ou d'une autre, ou en raison de leur sexe, de leur \u00e2ge ou de leur orientation sexuelle.<\/p>\t\t\t\t\t\t\t\t<\/div>\n\t\t\t\t<div class=\"elementor-element elementor-element-df15fbb exad-sticky-section-no exad-glass-effect-no elementor-widget elementor-widget-video\" data-id=\"df15fbb\" data-element_type=\"widget\" data-e-type=\"widget\" data-settings=\"{&quot;youtube_url&quot;:&quot;https:\\\/\\\/www.youtube.com\\\/watch?v=J59xUWTP8Hg&quot;,&quot;video_type&quot;:&quot;youtube&quot;,&quot;controls&quot;:&quot;yes&quot;}\" data-widget_type=\"video.default\">\n\t\t\t\t\t\t\t<div class=\"elementor-wrapper elementor-open-inline\">\n\t\t\t<div class=\"elementor-video\"><\/div>\t\t<\/div>\n\t\t\t\t\t\t<\/div>\n\t\t\t\t<div class=\"elementor-element elementor-element-f988672 exad-sticky-section-no exad-glass-effect-no elementor-widget elementor-widget-text-editor\" data-id=\"f988672\" data-element_type=\"widget\" data-e-type=\"widget\" data-widget_type=\"text-editor.default\">\n\t\t\t\t\t\t\t\t\t<p>Les organisations participantes ont \u00e9t\u00e9 invit\u00e9es \u00e0 fournir leurs informations et \u00e0 soumettre leurs contributions \u00e0 ENGO MVI.  Les participants \u00e0 la campagne devaient cr\u00e9er deux vid\u00e9os et fournir du mat\u00e9riel photographique :\u00a0<\/p><p>vid\u00e9o 1 : pr\u00e9sentation de l'ONG<\/p><p>vid\u00e9o 2 : VID\u00c9O 2 - CYBER-BULLYING (environ 3 minutes) - chaque participant a enregistr\u00e9 une vid\u00e9o dans laquelle il choisit un probl\u00e8me de cyber-bullying susceptible de se produire dans son contexte local\/communaut\u00e9 et tente d'identifier une solution qui pourrait \u00e9galement \u00eatre une occasion de promouvoir la non-discrimination et la tol\u00e9rance dans la soci\u00e9t\u00e9.<\/p><p>Photographie : les participants ont cr\u00e9\u00e9 une photographie en rapport avec le mouvement \"No Hate Speech\". Les photographies ont \u00e9t\u00e9 collect\u00e9es par MVI et ont fait partie de la campagne.<\/p><p>La campagne a connu un succ\u00e8s retentissant et une large participation des ONG \u00e0 l'int\u00e9rieur et \u00e0 l'ext\u00e9rieur de l'Union europ\u00e9enne. Tous les membres du r\u00e9seau ENGO MVI ont envoy\u00e9 leurs contributions (vid\u00e9os et photographies) et leur exemple a \u00e9t\u00e9 suivi par plusieurs organisations ext\u00e9rieures d'Europe, d'Afrique et d'Am\u00e9rique latine.<\/p><p>MV International a \u00e9galement travaill\u00e9 avec passion dans les m\u00e9dias sociaux, principalement sur FB, Instagram et Twitter,<\/p>\t\t\t\t\t\t\t\t<\/div>\n\t\t\t\t\t<\/div>\n\t\t<\/div>\n\t\t\t\t\t<\/div>\n\t\t<\/section>\n\t\t\t\t<\/div>","protected":false},"excerpt":{"rendered":"<p>La cyberintimidation a \u00e9t\u00e9 identifi\u00e9e par le r\u00e9seau MV International comme l'un des fils conducteurs du discours de haine dans tous les pays europ\u00e9ens et au niveau mondial, en particulier dans l'environnement des nouveaux m\u00e9dias. La cyberintimidation est un ph\u00e9nom\u00e8ne en constante augmentation dans les interactions ordinaires sur les nouveaux m\u00e9dias, dont l'intensification et la diffusion sont directement li\u00e9es au d\u00e9veloppement d'un acc\u00e8s g\u00e9n\u00e9ralis\u00e9 aux instruments des nouveaux m\u00e9dias (en particulier les m\u00e9dias sociaux) ainsi qu'\u00e0 la communication d\u00e9centralis\u00e9e, non filtr\u00e9e et anonyme et \u00e0 la diffusion virale de contenus assur\u00e9es par les architectures des nouveaux m\u00e9dias. La cyberintimidation peut \u00eatre d\u00e9finie comme un harc\u00e8lement verbal ou psychologique r\u00e9p\u00e9t\u00e9, \u00e0 diff\u00e9rents degr\u00e9s d'intensit\u00e9, par un individu ou un groupe \u00e0 l'encontre d'autres personnes par le biais des nouveaux m\u00e9dias (m\u00e9dias sociaux et services Internet interactifs en g\u00e9n\u00e9ral). Il peut prendre de nombreuses formes : des moqueries, insultes et menaces au vol et \u00e0 la divulgation d'informations priv\u00e9es. Le cyber-harc\u00e8lement et l'absence de discours haineux : Que pouvez-vous changer pour mettre fin \u00e0 la haine ? En promouvant la campagne \"CYBER-BULLYING et NO HATE SPEECH\", ENGO MVI a voulu c\u00e9l\u00e9brer son 5e anniversaire (19 novembre 2012). Depuis 5 ans, nous contribuons au d\u00e9veloppement de la soci\u00e9t\u00e9 et de ses membres par diverses m\u00e9thodes d'\u00e9ducation. La mission de cette campagne \u00e9tait de sensibiliser la soci\u00e9t\u00e9 \u00e0 la question du cyber-harc\u00e8lement ainsi qu'\u00e0 la n\u00e9cessit\u00e9 de lutter contre le discours de haine, entendu comme un type de discours qui attaque une personne ou un groupe sur la base d'attributs tels que le sexe, l'origine ethnique, la religion, la race, le handicap et l'orientation sexuelle, au niveau de la soci\u00e9t\u00e9 civile et des institutions. Les jeunes sont des cibles particuli\u00e8rement vuln\u00e9rables dans les ph\u00e9nom\u00e8nes de cyberintimidation, \u00e0 la fois comme victimes et comme auteurs, en raison de leur engagement important dans la communication par les nouveaux m\u00e9dias, souvent sans pr\u00e9cautions ad\u00e9quates et sans conscience des cons\u00e9quences d'une mauvaise gestion des instruments des nouveaux m\u00e9dias. La campagne sociale a abord\u00e9 la question de la cyberintimidation dans le cadre d'un effort plus large visant \u00e0 sensibiliser la soci\u00e9t\u00e9 \u00e0 la n\u00e9cessit\u00e9 de s'attaquer aux ph\u00e9nom\u00e8nes de discours de haine sous toutes leurs formes, ainsi qu'\u00e0 promouvoir les valeurs et les principes d\u00e9fendus par le mouvement \"Non au discours de haine\" sous le parrainage du Conseil de l'Europe. Le discours de haine a toujours \u00e9t\u00e9 la premi\u00e8re arme d'attaque contre les nouveaux \u00e9migrants, contre les personnes sur la base d'attributs tels que l'origine ethnique, la religion, la race, le sexe, le handicap ou l'orientation sexuelle, et a pour r\u00e9sultat potentiel d'inciter au mal. Pratiquement tout le monde peut \u00eatre la cible d'un discours de haine. Certaines personnes peuvent devenir des cibles en raison de leur appartenance \u00e0 une race, une nationalit\u00e9 ou une religion particuli\u00e8re. D'autres personnes peuvent \u00eatre vis\u00e9es parce qu'elles sont handicap\u00e9es d'une mani\u00e8re ou d'une autre, ou en raison de leur sexe, de leur \u00e2ge ou de leur orientation sexuelle. https:\/\/www.youtube.com\/watch?v=J59xUWTP8Hg Les organisations participantes ont \u00e9t\u00e9 invit\u00e9es \u00e0 fournir leurs informations et \u00e0 soumettre leurs contributions \u00e0 ENGO MVI.  Les participants \u00e0 la campagne devaient cr\u00e9er deux vid\u00e9os et fournir du mat\u00e9riel photographique : vid\u00e9o 1 : pr\u00e9sentation de l'ONG vid\u00e9o 2 : VID\u00c9O 2 - CYBER-BULLYING (environ 3 minutes) - chaque participant a enregistr\u00e9 une vid\u00e9o dans laquelle il choisit un probl\u00e8me de cyber-bullying susceptible de se produire dans son contexte local\/communaut\u00e9 et tente d'identifier une solution qui pourrait \u00e9galement \u00eatre une occasion de promouvoir la non-discrimination et la tol\u00e9rance dans la soci\u00e9t\u00e9. Photographie : les participants ont cr\u00e9\u00e9 une photographie en rapport avec le mouvement \"No Hate Speech\". Les photographies ont \u00e9t\u00e9 collect\u00e9es par MVI et ont fait partie de la campagne. La campagne a connu un succ\u00e8s retentissant et une large participation des ONG \u00e0 l'int\u00e9rieur et \u00e0 l'ext\u00e9rieur de l'Union europ\u00e9enne. Tous les membres du r\u00e9seau ENGO MVI ont envoy\u00e9 leurs contributions (vid\u00e9os et photographies) et leur exemple a \u00e9t\u00e9 suivi par plusieurs organisations ext\u00e9rieures d'Europe, d'Afrique et d'Am\u00e9rique latine. MV International a \u00e9galement travaill\u00e9 avec passion dans les m\u00e9dias sociaux, principalement sur FB, Instagram et Twitter,<\/p>","protected":false},"author":5,"featured_media":0,"parent":0,"menu_order":0,"comment_status":"closed","ping_status":"closed","template":"","meta":{"footnotes":""},"class_list":["post-12121","page","type-page","status-publish","hentry"],"_links":{"self":[{"href":"https:\/\/mvinternational.ngo\/fr\/wp-json\/wp\/v2\/pages\/12121","targetHints":{"allow":["GET"]}}],"collection":[{"href":"https:\/\/mvinternational.ngo\/fr\/wp-json\/wp\/v2\/pages"}],"about":[{"href":"https:\/\/mvinternational.ngo\/fr\/wp-json\/wp\/v2\/types\/page"}],"author":[{"embeddable":true,"href":"https:\/\/mvinternational.ngo\/fr\/wp-json\/wp\/v2\/users\/5"}],"replies":[{"embeddable":true,"href":"https:\/\/mvinternational.ngo\/fr\/wp-json\/wp\/v2\/comments?post=12121"}],"version-history":[{"count":5,"href":"https:\/\/mvinternational.ngo\/fr\/wp-json\/wp\/v2\/pages\/12121\/revisions"}],"predecessor-version":[{"id":12920,"href":"https:\/\/mvinternational.ngo\/fr\/wp-json\/wp\/v2\/pages\/12121\/revisions\/12920"}],"wp:attachment":[{"href":"https:\/\/mvinternational.ngo\/fr\/wp-json\/wp\/v2\/media?parent=12121"}],"curies":[{"name":"wp","href":"https:\/\/api.w.org\/{rel}","templated":true}]}}